{"id":225,"date":"2023-02-27T04:05:30","date_gmt":"2023-02-27T03:05:30","guid":{"rendered":"https:\/\/oldglasses.es\/?page_id=225"},"modified":"2026-02-19T22:16:10","modified_gmt":"2026-02-19T21:16:10","slug":"la-transicion","status":"publish","type":"page","link":"https:\/\/oldglasses.es\/index.php\/la-transicion\/","title":{"rendered":"LA TRANSICI\u00d3N"},"content":{"rendered":"\n<p class=\"has-text-align-center has-yellow-color has-text-color\" style=\"font-size:70px\">2019 fue un a\u00f1o de muchos conciertos, y no s\u00f3lo en casa&#8230;<\/p>\n\n\n\n<div class=\"wp-block-columns is-layout-flex wp-container-core-columns-is-layout-9d6595d7 wp-block-columns-is-layout-flex\">\n<div class=\"wp-block-column is-layout-flow wp-block-column-is-layout-flow\">\n<h1 class=\"wp-block-heading has-text-align-center has-yellow-color has-text-color\" style=\"font-size:40px\">15\/05<\/h1>\n\n\n\n<h1 class=\"wp-block-heading has-text-align-center has-yellow-color has-text-color\" style=\"font-size:35px\">Kokoro<\/h1>\n\n\n\n<h1 class=\"wp-block-heading has-text-align-center has-yellow-color has-text-color\" style=\"font-size:35px\">(Bilbao)<\/h1>\n\n\n\nngg_shortcode_0_placeholder\n<\/div>\n\n\n\n<div class=\"wp-block-column is-layout-flow wp-block-column-is-layout-flow\">\n<h1 class=\"wp-block-heading has-text-align-center has-yellow-color has-text-color\" style=\"font-size:40px\">27\/06<\/h1>\n\n\n\n<h1 class=\"wp-block-heading has-text-align-center has-yellow-color has-text-color\" style=\"font-size:35px\">San Ignacio<\/h1>\n\n\n\n<h1 class=\"wp-block-heading has-text-align-center has-yellow-color has-text-color\" style=\"font-size:35px\">(Balmaseda)<\/h1>\n\n\n\nngg_shortcode_1_placeholder\n<\/div>\n\n\n\n<div class=\"wp-block-column is-layout-flow wp-block-column-is-layout-flow\">\n<h1 class=\"wp-block-heading has-text-align-center has-yellow-color has-text-color\" style=\"font-size:40px\">03\/08<\/h1>\n\n\n\n<h1 class=\"wp-block-heading has-text-align-center has-yellow-color has-text-color\" style=\"font-size:35px\">Aranguren<\/h1>\n\n\n\n<h1 class=\"wp-block-heading has-text-align-center has-yellow-color has-text-color\" style=\"font-size:35px\">(G\u00fce\u00f1es)<\/h1>\n\n\n\nngg_shortcode_2_placeholder\n<\/div>\n\n\n\n<div class=\"wp-block-column is-layout-flow wp-block-column-is-layout-flow\">\n<h1 class=\"wp-block-heading has-text-align-center has-yellow-color has-text-color\" style=\"font-size:40px\"><mark style=\"background-color:rgba(0, 0, 0, 0)\" class=\"has-inline-color has-yellow-color\">31\/08<\/mark><\/h1>\n\n\n\n<h1 class=\"wp-block-heading has-text-align-center has-yellow-color has-text-color\" style=\"font-size:35px\"><mark style=\"background-color:rgba(0, 0, 0, 0)\" class=\"has-inline-color has-yellow-color\">Billares<\/mark><\/h1>\n\n\n\n<h1 class=\"wp-block-heading has-text-align-center\" style=\"font-size:35px\"><mark style=\"background-color:rgba(0, 0, 0, 0)\" class=\"has-inline-color has-yellow-color\">(Romo)<\/mark><\/h1>\n\n\n\nngg_shortcode_3_placeholder\n<\/div>\n<\/div>\n\n\n\n<div class=\"wp-block-columns is-layout-flex wp-container-core-columns-is-layout-9d6595d7 wp-block-columns-is-layout-flex\">\n<div class=\"wp-block-column is-layout-flow wp-block-column-is-layout-flow\">\n<p class=\"has-text-align-center has-yellow-color has-text-color\" style=\"font-size:70px\">Y a la vuelta de verano, \u00e9ramos uno m\u00e1s en la banda&#8230;<\/p>\n<\/div>\n<\/div>\n\n\n\n<div class=\"wp-block-columns is-layout-flex wp-container-core-columns-is-layout-9d6595d7 wp-block-columns-is-layout-flex\">\n<div class=\"wp-block-column is-layout-flow wp-block-column-is-layout-flow\">\n<h1 class=\"wp-block-heading has-text-align-center has-yellow-color has-text-color\" style=\"font-size:40px\">12\/09<\/h1>\n\n\n\n<h1 class=\"wp-block-heading has-text-align-center has-yellow-color has-text-color\" style=\"font-size:35px\">Batzoki<\/h1>\n\n\n\n<h1 class=\"wp-block-heading has-text-align-center has-yellow-color has-text-color\" style=\"font-size:35px\">(Zalla)<\/h1>\n\n\n\nngg_shortcode_4_placeholder\n<\/div>\n\n\n\n<div class=\"wp-block-column is-layout-flow wp-block-column-is-layout-flow\">\n<h1 class=\"wp-block-heading has-text-align-center has-yellow-color has-text-color\" style=\"font-size:40px\">09\/12 <\/h1>\n\n\n\n<h1 class=\"wp-block-heading has-text-align-center has-yellow-color has-text-color\" style=\"font-size:35px\">El Front\u00f3n<\/h1>\n\n\n\n<h1 class=\"wp-block-heading has-text-align-center has-yellow-color has-text-color\" style=\"font-size:35px\">(G\u00fce\u00f1es)<\/h1>\n\n\n\nngg_shortcode_5_placeholder\n<\/div>\n\n\n\n<div class=\"wp-block-column is-layout-flow wp-block-column-is-layout-flow\">\n<h1 class=\"wp-block-heading has-text-align-center has-yellow-color has-text-color\" style=\"font-size:40px\">04\/10 <\/h1>\n\n\n\n<h1 class=\"wp-block-heading has-text-align-center has-yellow-color has-text-color\" style=\"font-size:35px\">Musicadero <\/h1>\n\n\n\n<h1 class=\"wp-block-heading has-text-align-center has-yellow-color has-text-color\" style=\"font-size:35px\">(Zalla)<\/h1>\n\n\n\nngg_shortcode_6_placeholder\n<\/div>\n\n\n\n<div class=\"wp-block-column is-layout-flow wp-block-column-is-layout-flow\">\n<h1 class=\"wp-block-heading has-text-align-center has-yellow-color has-text-color\" style=\"font-size:40px\">12\/10<\/h1>\n\n\n\n<h1 class=\"wp-block-heading has-text-align-center has-yellow-color has-text-color\" style=\"font-size:35px\"> R&amp;B<\/h1>\n\n\n\n<h1 class=\"wp-block-heading has-text-align-center has-yellow-color has-text-color\" style=\"font-size:35px\">(Balmaseda)<\/h1>\n\n\n\nngg_shortcode_7_placeholder\n<\/div>\n<\/div>\n\n\n\n<p class=\"has-text-align-center has-yellow-color has-text-color\" style=\"font-size:70px\">&#8230;y pudimos as\u00ed organizar mejor los conciertos de aqu\u00ed &#8230;y los de m\u00e1s all\u00e1.<\/p>\n\n\n\n<div class=\"wp-block-columns is-layout-flex wp-container-core-columns-is-layout-9d6595d7 wp-block-columns-is-layout-flex\">\n<div class=\"wp-block-column is-layout-flow wp-block-column-is-layout-flow\">\n<h1 class=\"wp-block-heading has-text-align-center has-yellow-color has-text-color\" style=\"font-size:40px\">26\/10 <\/h1>\n\n\n\n<h1 class=\"wp-block-heading has-text-align-center has-yellow-color has-text-color\" style=\"font-size:35px\">Caf\u00e9 Ir\u00fan <\/h1>\n\n\n\n<h1 class=\"wp-block-heading has-text-align-center has-yellow-color has-text-color\" style=\"font-size:35px\">(Ir\u00fan)<\/h1>\n\n\n\nngg_shortcode_8_placeholder\n<\/div>\n\n\n\n<div class=\"wp-block-column is-layout-flow wp-block-column-is-layout-flow\">\n<h1 class=\"wp-block-heading has-text-align-center has-yellow-color has-text-color\" style=\"font-size:40px\">30\/11<\/h1>\n\n\n\n<h1 class=\"wp-block-heading has-text-align-center has-yellow-color has-text-color\" style=\"font-size:35px\">URKI KAFE<\/h1>\n\n\n\n<h1 class=\"wp-block-heading has-text-align-center has-yellow-color has-text-color\" style=\"font-size:35px\">(Galdakao)<\/h1>\n\n\n\nngg_shortcode_9_placeholder\n<\/div>\n\n\n\n<div class=\"wp-block-column is-layout-flow wp-block-column-is-layout-flow\">\n<h1 class=\"wp-block-heading has-text-align-center has-yellow-color has-text-color\" style=\"font-size:40px\">19\/12<\/h1>\n\n\n\n<h1 class=\"wp-block-heading has-text-align-center has-yellow-color has-text-color\" style=\"font-size:35px\">OREKA<\/h1>\n\n\n\n<h1 class=\"wp-block-heading has-text-align-center has-yellow-color has-text-color\" style=\"font-size:35px\">(Zalla)<\/h1>\n\n\n\nngg_shortcode_10_placeholder\n<\/div>\n<\/div>\n","protected":false},"excerpt":{"rendered":"<p>2019 fue un a\u00f1o de muchos conciertos, y no s\u00f3lo en casa&#8230; 15\/05 Kokoro (Bilbao) 27\/06 San Ignacio (Balmaseda) 03\/08 Aranguren (G\u00fce\u00f1es) 31\/08 Billares (Romo) Y a la vuelta de verano, \u00e9ramos uno m\u00e1s en la banda&#8230; 12\/09 Batzoki (Zalla) 09\/12 El Front\u00f3n (G\u00fce\u00f1es) 04\/10 <span class=\"read-more\"><a class=\"more-link btn btn-transparent\" href=\"https:\/\/oldglasses.es\/index.php\/la-transicion\/\">Leer m\u00e1s&#8230;<\/a><\/span><\/p>\n","protected":false},"author":1,"featured_media":0,"parent":0,"menu_order":0,"comment_status":"closed","ping_status":"closed","template":"","meta":{"ngg_post_thumbnail":0,"footnotes":""},"class_list":["post-225","page","type-page","status-publish","hentry"],"yoast_head":"<!-- This site is optimized with the Yoast SEO plugin v27.4 - https:\/\/yoast.com\/product\/yoast-seo-wordpress\/ -->\n<title>LA TRANSICI\u00d3N - OLD GLASSES<\/title>\n<meta name=\"robots\" content=\"index, follow, max-snippet:-1, max-image-preview:large, max-video-preview:-1\" \/>\n<link rel=\"canonical\" href=\"https:\/\/oldglasses.es\/index.php\/la-transicion\/\" \/>\n<meta property=\"og:locale\" content=\"es_ES\" \/>\n<meta property=\"og:type\" content=\"article\" \/>\n<meta property=\"og:title\" content=\"LA TRANSICI\u00d3N - OLD GLASSES\" \/>\n<meta property=\"og:description\" content=\"2019 fue un a\u00f1o de muchos conciertos, y no s\u00f3lo en casa&#8230; 15\/05 Kokoro (Bilbao) 27\/06 San Ignacio (Balmaseda) 03\/08 Aranguren (G\u00fce\u00f1es) 31\/08 Billares (Romo) Y a la vuelta de verano, \u00e9ramos uno m\u00e1s en la banda&#8230; 12\/09 Batzoki (Zalla) 09\/12 El Front\u00f3n (G\u00fce\u00f1es) 04\/10 Leer m\u00e1s...\" \/>\n<meta property=\"og:url\" content=\"https:\/\/oldglasses.es\/index.php\/la-transicion\/\" \/>\n<meta property=\"og:site_name\" content=\"OLD GLASSES\" \/>\n<meta property=\"article:publisher\" content=\"https:\/\/www.facebook.com\/OLDGLASSESZALLA\/\" \/>\n<meta property=\"article:modified_time\" content=\"2026-02-19T21:16:10+00:00\" \/>\n<meta property=\"og:image\" content=\"https:\/\/oldglasses.es\/wp-content\/uploads\/2024\/08\/LOGO-OLD-GLASSES-2021_fondo.jpg\" \/>\n\t<meta property=\"og:image:width\" content=\"729\" \/>\n\t<meta property=\"og:image:height\" content=\"666\" \/>\n\t<meta property=\"og:image:type\" content=\"image\/jpeg\" \/>\n<meta name=\"twitter:card\" content=\"summary_large_image\" \/>\n<meta name=\"twitter:site\" content=\"@oldglasses_\" \/>\n<meta name=\"twitter:label1\" content=\"Tiempo de lectura\" \/>\n\t<meta name=\"twitter:data1\" content=\"1 minuto\" \/>\n<script type=\"application\/ld+json\" class=\"yoast-schema-graph\">{\"@context\":\"https:\\\/\\\/schema.org\",\"@graph\":[{\"@type\":\"WebPage\",\"@id\":\"https:\\\/\\\/oldglasses.es\\\/index.php\\\/la-transicion\\\/\",\"url\":\"https:\\\/\\\/oldglasses.es\\\/index.php\\\/la-transicion\\\/\",\"name\":\"LA TRANSICI\u00d3N - OLD GLASSES\",\"isPartOf\":{\"@id\":\"https:\\\/\\\/oldglasses.es\\\/#website\"},\"datePublished\":\"2023-02-27T03:05:30+00:00\",\"dateModified\":\"2026-02-19T21:16:10+00:00\",\"breadcrumb\":{\"@id\":\"https:\\\/\\\/oldglasses.es\\\/index.php\\\/la-transicion\\\/#breadcrumb\"},\"inLanguage\":\"es\",\"potentialAction\":[{\"@type\":\"ReadAction\",\"target\":[\"https:\\\/\\\/oldglasses.es\\\/index.php\\\/la-transicion\\\/\"]}]},{\"@type\":\"BreadcrumbList\",\"@id\":\"https:\\\/\\\/oldglasses.es\\\/index.php\\\/la-transicion\\\/#breadcrumb\",\"itemListElement\":[{\"@type\":\"ListItem\",\"position\":1,\"name\":\"Portada\",\"item\":\"https:\\\/\\\/oldglasses.es\\\/\"},{\"@type\":\"ListItem\",\"position\":2,\"name\":\"LA TRANSICI\u00d3N\"}]},{\"@type\":\"WebSite\",\"@id\":\"https:\\\/\\\/oldglasses.es\\\/#website\",\"url\":\"https:\\\/\\\/oldglasses.es\\\/\",\"name\":\"OLD GLASSES\",\"description\":\"Rock Rock Rock\",\"publisher\":{\"@id\":\"https:\\\/\\\/oldglasses.es\\\/#organization\"},\"potentialAction\":[{\"@type\":\"SearchAction\",\"target\":{\"@type\":\"EntryPoint\",\"urlTemplate\":\"https:\\\/\\\/oldglasses.es\\\/?s={search_term_string}\"},\"query-input\":{\"@type\":\"PropertyValueSpecification\",\"valueRequired\":true,\"valueName\":\"search_term_string\"}}],\"inLanguage\":\"es\"},{\"@type\":\"Organization\",\"@id\":\"https:\\\/\\\/oldglasses.es\\\/#organization\",\"name\":\"OLD GLASSES\",\"url\":\"https:\\\/\\\/oldglasses.es\\\/\",\"logo\":{\"@type\":\"ImageObject\",\"inLanguage\":\"es\",\"@id\":\"https:\\\/\\\/oldglasses.es\\\/#\\\/schema\\\/logo\\\/image\\\/\",\"url\":\"https:\\\/\\\/oldglasses.es\\\/wp-content\\\/uploads\\\/2024\\\/08\\\/LOGO-OLD-GLASSES-2021_fondo.jpg\",\"contentUrl\":\"https:\\\/\\\/oldglasses.es\\\/wp-content\\\/uploads\\\/2024\\\/08\\\/LOGO-OLD-GLASSES-2021_fondo.jpg\",\"width\":729,\"height\":666,\"caption\":\"OLD GLASSES\"},\"image\":{\"@id\":\"https:\\\/\\\/oldglasses.es\\\/#\\\/schema\\\/logo\\\/image\\\/\"},\"sameAs\":[\"https:\\\/\\\/www.facebook.com\\\/OLDGLASSESZALLA\\\/\",\"https:\\\/\\\/x.com\\\/oldglasses_\",\"https:\\\/\\\/www.instagram.com\\\/oldglasses_\\\/\",\"https:\\\/\\\/www.youtube.com\\\/@oldglasses1622\"]}]}<\/script>\n<!-- \/ Yoast SEO plugin. -->","yoast_head_json":{"title":"LA TRANSICI\u00d3N - OLD GLASSES","robots":{"index":"index","follow":"follow","max-snippet":"max-snippet:-1","max-image-preview":"max-image-preview:large","max-video-preview":"max-video-preview:-1"},"canonical":"https:\/\/oldglasses.es\/index.php\/la-transicion\/","og_locale":"es_ES","og_type":"article","og_title":"LA TRANSICI\u00d3N - OLD GLASSES","og_description":"2019 fue un a\u00f1o de muchos conciertos, y no s\u00f3lo en casa&#8230; 15\/05 Kokoro (Bilbao) 27\/06 San Ignacio (Balmaseda) 03\/08 Aranguren (G\u00fce\u00f1es) 31\/08 Billares (Romo) Y a la vuelta de verano, \u00e9ramos uno m\u00e1s en la banda&#8230; 12\/09 Batzoki (Zalla) 09\/12 El Front\u00f3n (G\u00fce\u00f1es) 04\/10 Leer m\u00e1s...","og_url":"https:\/\/oldglasses.es\/index.php\/la-transicion\/","og_site_name":"OLD GLASSES","article_publisher":"https:\/\/www.facebook.com\/OLDGLASSESZALLA\/","article_modified_time":"2026-02-19T21:16:10+00:00","og_image":[{"width":729,"height":666,"url":"https:\/\/oldglasses.es\/wp-content\/uploads\/2024\/08\/LOGO-OLD-GLASSES-2021_fondo.jpg","type":"image\/jpeg"}],"twitter_card":"summary_large_image","twitter_site":"@oldglasses_","twitter_misc":{"Tiempo de lectura":"1 minuto"},"schema":{"@context":"https:\/\/schema.org","@graph":[{"@type":"WebPage","@id":"https:\/\/oldglasses.es\/index.php\/la-transicion\/","url":"https:\/\/oldglasses.es\/index.php\/la-transicion\/","name":"LA TRANSICI\u00d3N - OLD GLASSES","isPartOf":{"@id":"https:\/\/oldglasses.es\/#website"},"datePublished":"2023-02-27T03:05:30+00:00","dateModified":"2026-02-19T21:16:10+00:00","breadcrumb":{"@id":"https:\/\/oldglasses.es\/index.php\/la-transicion\/#breadcrumb"},"inLanguage":"es","potentialAction":[{"@type":"ReadAction","target":["https:\/\/oldglasses.es\/index.php\/la-transicion\/"]}]},{"@type":"BreadcrumbList","@id":"https:\/\/oldglasses.es\/index.php\/la-transicion\/#breadcrumb","itemListElement":[{"@type":"ListItem","position":1,"name":"Portada","item":"https:\/\/oldglasses.es\/"},{"@type":"ListItem","position":2,"name":"LA TRANSICI\u00d3N"}]},{"@type":"WebSite","@id":"https:\/\/oldglasses.es\/#website","url":"https:\/\/oldglasses.es\/","name":"OLD GLASSES","description":"Rock Rock Rock","publisher":{"@id":"https:\/\/oldglasses.es\/#organization"},"potentialAction":[{"@type":"SearchAction","target":{"@type":"EntryPoint","urlTemplate":"https:\/\/oldglasses.es\/?s={search_term_string}"},"query-input":{"@type":"PropertyValueSpecification","valueRequired":true,"valueName":"search_term_string"}}],"inLanguage":"es"},{"@type":"Organization","@id":"https:\/\/oldglasses.es\/#organization","name":"OLD GLASSES","url":"https:\/\/oldglasses.es\/","logo":{"@type":"ImageObject","inLanguage":"es","@id":"https:\/\/oldglasses.es\/#\/schema\/logo\/image\/","url":"https:\/\/oldglasses.es\/wp-content\/uploads\/2024\/08\/LOGO-OLD-GLASSES-2021_fondo.jpg","contentUrl":"https:\/\/oldglasses.es\/wp-content\/uploads\/2024\/08\/LOGO-OLD-GLASSES-2021_fondo.jpg","width":729,"height":666,"caption":"OLD GLASSES"},"image":{"@id":"https:\/\/oldglasses.es\/#\/schema\/logo\/image\/"},"sameAs":["https:\/\/www.facebook.com\/OLDGLASSESZALLA\/","https:\/\/x.com\/oldglasses_","https:\/\/www.instagram.com\/oldglasses_\/","https:\/\/www.youtube.com\/@oldglasses1622"]}]}},"jetpack_sharing_enabled":true,"_links":{"self":[{"href":"https:\/\/oldglasses.es\/index.php\/wp-json\/wp\/v2\/pages\/225","targetHints":{"allow":["GET"]}}],"collection":[{"href":"https:\/\/oldglasses.es\/index.php\/wp-json\/wp\/v2\/pages"}],"about":[{"href":"https:\/\/oldglasses.es\/index.php\/wp-json\/wp\/v2\/types\/page"}],"author":[{"embeddable":true,"href":"https:\/\/oldglasses.es\/index.php\/wp-json\/wp\/v2\/users\/1"}],"replies":[{"embeddable":true,"href":"https:\/\/oldglasses.es\/index.php\/wp-json\/wp\/v2\/comments?post=225"}],"version-history":[{"count":31,"href":"https:\/\/oldglasses.es\/index.php\/wp-json\/wp\/v2\/pages\/225\/revisions"}],"predecessor-version":[{"id":1571,"href":"https:\/\/oldglasses.es\/index.php\/wp-json\/wp\/v2\/pages\/225\/revisions\/1571"}],"wp:attachment":[{"href":"https:\/\/oldglasses.es\/index.php\/wp-json\/wp\/v2\/media?parent=225"}],"curies":[{"name":"wp","href":"https:\/\/api.w.org\/{rel}","templated":true}]}}