{"id":824,"date":"2024-05-15T14:31:22","date_gmt":"2024-05-15T13:31:22","guid":{"rendered":"https:\/\/oldglasses.es\/?page_id=824"},"modified":"2025-10-05T18:07:55","modified_gmt":"2025-10-05T17:07:55","slug":"2024-2","status":"publish","type":"page","link":"https:\/\/oldglasses.es\/index.php\/conciertos\/2024-2\/","title":{"rendered":"2024"},"content":{"rendered":"\n<div class=\"wp-block-group\"><div class=\"wp-block-group__inner-container is-layout-constrained wp-block-group-is-layout-constrained\">\n<p class=\"has-text-align-center has-yellow-color has-text-color has-link-color wp-elements-1b7556a42be49f16bf162be9b31767bf\" style=\"font-size:75px\">Un a\u00f1o m\u00e1s salimos a darlo todo en los escenarios de Bizkaia, Araba, Gipuzkoa, Burgos y La Rioja, para haceros disfrutar del mejor rock cerquita de casa.<\/p>\n\n\n<div class=\"wp-block-image\">\n<figure class=\"aligncenter size-full\"><img loading=\"lazy\" decoding=\"async\" width=\"1587\" height=\"2245\" src=\"https:\/\/oldglasses.es\/wp-content\/uploads\/2025\/04\/2024-O^O\u00b4-Tour-Dates-final-1.png\" alt=\"\" class=\"wp-image-1353\" srcset=\"https:\/\/oldglasses.es\/wp-content\/uploads\/2025\/04\/2024-O^O\u00b4-Tour-Dates-final-1.png 1587w, https:\/\/oldglasses.es\/wp-content\/uploads\/2025\/04\/2024-O^O\u00b4-Tour-Dates-final-1-212x300.png 212w, https:\/\/oldglasses.es\/wp-content\/uploads\/2025\/04\/2024-O^O\u00b4-Tour-Dates-final-1-724x1024.png 724w, https:\/\/oldglasses.es\/wp-content\/uploads\/2025\/04\/2024-O^O\u00b4-Tour-Dates-final-1-768x1086.png 768w, https:\/\/oldglasses.es\/wp-content\/uploads\/2025\/04\/2024-O^O\u00b4-Tour-Dates-final-1-1086x1536.png 1086w, https:\/\/oldglasses.es\/wp-content\/uploads\/2025\/04\/2024-O^O\u00b4-Tour-Dates-final-1-1448x2048.png 1448w, https:\/\/oldglasses.es\/wp-content\/uploads\/2025\/04\/2024-O^O\u00b4-Tour-Dates-final-1-600x849.png 600w\" sizes=\"auto, (max-width: 1587px) 100vw, 1587px\" \/><\/figure>\n<\/div>\n\n\n<p class=\"has-yellow-color has-text-color has-link-color wp-elements-97154bdaf1e8f585bd49863bfb2b1bd0\" style=\"font-size:70px\"><\/p>\n\n\n\n<h1 class=\"wp-block-heading has-text-align-center has-yellow-color has-text-color has-link-color wp-elements-44713bae817f9f97821844578c4640c4\" style=\"font-size:35px\">04\/05<\/h1>\n\n\n\n<h1 class=\"wp-block-heading has-text-align-center has-yellow-color has-text-color has-link-color wp-elements-765bc6ee4b1929185811fcd030228480\" style=\"font-size:35px\">MAEZTU <\/h1>\n\n\n\n<h1 class=\"wp-block-heading has-text-align-center has-yellow-color has-text-color has-link-color wp-elements-09a5912fcd4055bd01644a8e660e61f6\" style=\"font-size:35px\">(Araba)<\/h1>\n<\/div><\/div>\n\n\n\nngg_shortcode_0_placeholder\n\n\n\n<div class=\"wp-block-group\"><div class=\"wp-block-group__inner-container is-layout-constrained wp-block-group-is-layout-constrained\">\n<p class=\"has-text-align-center has-yellow-color has-text-color has-link-color wp-elements-b96c0f07a3623ca5de5c8ec5836f3bd8\" style=\"font-size:75px\">Y arrancamos la temporada en mayo por tierras alavesas. El d\u00eda 4 estuvimos en la Fiesta de la Cruz del Pa\u00f1uelo, en Maeztu. Ambientazo!!<\/p>\n<\/div><\/div>\n\n\n\n<div class=\"wp-block-columns is-layout-flex wp-container-core-columns-is-layout-9d6595d7 wp-block-columns-is-layout-flex\">\n<div class=\"wp-block-column is-layout-flow wp-block-column-is-layout-flow\">\n<div class=\"wp-block-group\"><div class=\"wp-block-group__inner-container is-layout-constrained wp-block-group-is-layout-constrained\">\n<h1 class=\"wp-block-heading has-text-align-center has-yellow-color has-text-color has-link-color wp-elements-0ea53060c85a0e7aaf1bcd8ff7764af1\" style=\"font-size:35px\">02\/06<\/h1>\n<\/div><\/div>\n\n\n\n<h1 class=\"wp-block-heading has-text-align-center has-yellow-color has-text-color has-link-color wp-elements-1bb6704deae17f573f2cc69bdde70f2e\" style=\"font-size:35px\">ACAMBI<\/h1>\n\n\n\n<h1 class=\"wp-block-heading has-text-align-center has-yellow-color has-text-color has-link-color wp-elements-ee09843c00a573d026f155c142fc43c2\" style=\"font-size:35px\">(Gordexola)<\/h1>\n\n\n\nngg_shortcode_1_placeholder\n\n\n\n<p class=\"has-text-align-center has-yellow-color has-text-color has-link-color wp-elements-6774df47ccd3c037deed3110dc5c80b7\" style=\"font-size:75px\">No pod\u00edamos rechazar la invitaci\u00f3n de Acambi Bizkaia, para animar las jornadas de este a\u00f1o contra el c\u00e1ncer de mama.<\/p>\n<\/div>\n\n\n\n<div class=\"wp-block-column is-layout-flow wp-block-column-is-layout-flow\">\n<div class=\"wp-block-group\"><div class=\"wp-block-group__inner-container is-layout-constrained wp-block-group-is-layout-constrained\">\n<h1 class=\"wp-block-heading has-text-align-center has-yellow-color has-text-color has-link-color wp-elements-c52a6eba4b5b10330dac9257ade9cc84\" style=\"font-size:35px\">23\/06<\/h1>\n<\/div><\/div>\n\n\n\n<h1 class=\"wp-block-heading has-text-align-center has-yellow-color has-text-color has-link-color wp-elements-d864c93efd987c24b84cd8b72becd4cc\" style=\"font-size:35px\">CIUDAD JARDIN<\/h1>\n\n\n\n<h1 class=\"wp-block-heading has-text-align-center has-yellow-color has-text-color has-link-color wp-elements-c003b11a1df0d9bd1c3a7003a7524f82\" style=\"font-size:35px\">(Bilbao)<\/h1>\n\n\n\nngg_shortcode_2_placeholder\n\n\n\n<p class=\"has-text-align-center has-yellow-color has-text-color has-link-color wp-elements-f14b553c04a5d49b4a58bf5fe7b7fd39\" style=\"font-size:75px\">La Noche de San Juan nos acercamos a Ciudad Jard\u00edn, a presentarnos <em>\u00aben sociedad\u00bb<\/em> ante las gentes del barrio.<\/p>\n<\/div>\n<\/div>\n\n\n\n<div class=\"wp-block-columns is-layout-flex wp-container-core-columns-is-layout-9d6595d7 wp-block-columns-is-layout-flex\">\n<div class=\"wp-block-column is-layout-flow wp-block-column-is-layout-flow\">\n<h1 class=\"wp-block-heading has-text-align-center has-yellow-color has-text-color has-link-color wp-elements-8c021733e4f4abbb55cbe9a2a06d023a\" style=\"font-size:35px\">05\/07<\/h1>\n\n\n\n<h1 class=\"wp-block-heading has-text-align-center has-yellow-color has-text-color has-link-color wp-elements-04c815fad3ef9f12b6fe4e1adc2891fe\" style=\"font-size:35px\">ABUSU (Arrigorriaga)<\/h1>\n\n\n\nngg_shortcode_3_placeholder\n\n\n\n<p class=\"has-text-align-center has-yellow-color has-text-color has-link-color wp-elements-4bdb67aec3fe070e4c9adb9ecec3e8fc\" style=\"font-size:75px\">El d\u00eda 5 fuimos a La Pe\u00f1a con Dreyky, rock y sesi\u00f3n DJ <\/p>\n<\/div>\n\n\n\n<div class=\"wp-block-column is-layout-flow wp-block-column-is-layout-flow\">\n<h1 class=\"wp-block-heading has-text-align-center has-yellow-color has-text-color has-link-color wp-elements-d7a290707c1efc4afc60f535f8a33551\" style=\"font-size:35px\">25\/07<\/h1>\n\n\n\n<h1 class=\"wp-block-heading has-text-align-center has-yellow-color has-text-color has-link-color wp-elements-f0ad8038bae0951c0f17b81246e5b89b\" style=\"font-size:35px\">GORLIZ<\/h1>\n\n\n\nngg_shortcode_4_placeholder\n\n\n\n<p class=\"has-text-align-center has-yellow-color has-text-color has-link-color wp-elements-3ca71f8bdafc619d0904aa099f4fdf3c\" style=\"font-size:75px\">La noche de Santiago, d\u00e1ndolo todo hasta las 3 de la ma\u00f1ana<\/p>\n<\/div>\n<\/div>\n\n\n\n<div class=\"wp-block-columns is-layout-flex wp-container-core-columns-is-layout-9d6595d7 wp-block-columns-is-layout-flex\">\n<div class=\"wp-block-column is-layout-flow wp-block-column-is-layout-flow\">\n<h1 class=\"wp-block-heading has-text-align-center has-yellow-color has-text-color has-link-color wp-elements-0b5308abd5dc1c4ef9e34abb015d588d\" style=\"font-size:35px\">03\/08<\/h1>\n\n\n\n<h1 class=\"wp-block-heading has-text-align-center has-yellow-color has-text-color has-link-color wp-elements-d9f00e6682127f1fec211adf81531b9a\" style=\"font-size:35px\">ZUMAIA <\/h1>\n\n\n\n<h1 class=\"wp-block-heading has-text-align-center has-yellow-color has-text-color has-link-color wp-elements-7b1afafade6b31cd84be92bd3ac7bac9\" style=\"font-size:35px\">(Gipuzkoa)<\/h1>\n\n\n\nngg_shortcode_5_placeholder\n\n\n\n<p class=\"has-text-align-center has-yellow-color has-text-color has-link-color wp-elements-7c5d7fbf3fc59814145d2fff2a0021a7\" style=\"font-size:75px\">El primer s\u00e1bado de agosto nos fuimos de gala!! Gran ambiente, y super agradecidos por la atenci\u00f3n&#8230; para repetir.<\/p>\n<\/div>\n\n\n\n<div class=\"wp-block-column is-layout-flow wp-block-column-is-layout-flow\">\n<h1 class=\"wp-block-heading has-text-align-center has-yellow-color has-text-color has-link-color wp-elements-b817ac8cacfe560743c624b7e1fe2012\" style=\"font-size:35px\">09\/08<\/h1>\n\n\n\n<h1 class=\"wp-block-heading has-text-align-center has-yellow-color has-text-color has-link-color wp-elements-fe7acc3d0f974530ba04c4397f26c4d9\" style=\"font-size:35px\">EL RASILLO DE CAMEROS<\/h1>\n\n\n\n<h1 class=\"wp-block-heading has-text-align-center has-yellow-color has-text-color has-link-color wp-elements-44dfc580bcd031acf9c7cee54efc0982\" style=\"font-size:35px\">(La Rioja)<\/h1>\n\n\n\nngg_shortcode_6_placeholder\n\n\n\n<p class=\"has-text-align-center has-yellow-color has-text-color has-link-color wp-elements-b36349748060f25ba8c7be2e2936d212\" style=\"font-size:75px\">Segundo finde, el viernes por la tarde nos bajamos a La Rioja Baja, a 38 \u00baC&#8230;<\/p>\n<\/div>\n<\/div>\n\n\n\n<div class=\"wp-block-columns is-layout-flex wp-container-core-columns-is-layout-9d6595d7 wp-block-columns-is-layout-flex\">\n<div class=\"wp-block-column is-layout-flow wp-block-column-is-layout-flow\">\n<h1 class=\"wp-block-heading has-text-align-center has-yellow-color has-text-color has-link-color wp-elements-c7d4f80d4327de4598a64bfeac80de5b\" style=\"font-size:35px\">24\/08<\/h1>\n\n\n\n<h1 class=\"wp-block-heading has-text-align-center has-yellow-color has-text-color has-link-color wp-elements-781815998fa9438bf9b636490a5803ae\" style=\"font-size:35px\">ABBA EUSKALDUNA<\/h1>\n\n\n\n<h1 class=\"wp-block-heading has-text-align-center has-yellow-color has-text-color has-link-color wp-elements-c003b11a1df0d9bd1c3a7003a7524f82\" style=\"font-size:35px\">(Bilbao)<\/h1>\n\n\n\nngg_shortcode_7_placeholder\n\n\n\n<p class=\"has-yellow-color has-text-color has-link-color wp-elements-3d9a29a19d72f158253f8efe421e85db\" style=\"font-size:75px\">Incre\u00edble tarde-noche que pasamos en el enlace de nuestros amigos Natxo e In\u00e9s  en plena Aste Nagusia<\/p>\n<\/div>\n\n\n\n<div class=\"wp-block-column is-layout-flow wp-block-column-is-layout-flow\">\n<h1 class=\"wp-block-heading has-text-align-center has-yellow-color has-text-color has-link-color wp-elements-d238a583579e813eba3caa17d768243d\" style=\"font-size:35px\">30\/08<\/h1>\n\n\n\n<h1 class=\"wp-block-heading has-text-align-center has-yellow-color has-text-color has-link-color wp-elements-f982081e3869e9699865bb4585fcea7a\" style=\"font-size:35px\">MAMARIGA<\/h1>\n\n\n\n<h1 class=\"wp-block-heading has-text-align-center has-yellow-color has-text-color has-link-color wp-elements-8f73a6dcc3cb7b964261bf0c946cde81\" style=\"font-size:35px\">(Santurtzi)<\/h1>\n\n\n\nngg_shortcode_8_placeholder\n\n\n\n<p class=\"has-yellow-color has-text-color has-link-color wp-elements-0e950d09c876b3734374de57a7439052\" style=\"font-size:75px\">Gran acogida el Viernes 30 en Santurtzi. Gran ambiente que nos hizo estar como en casa.<\/p>\n<\/div>\n<\/div>\n\n\n\n<div class=\"wp-block-columns is-layout-flex wp-container-core-columns-is-layout-9d6595d7 wp-block-columns-is-layout-flex\">\n<div class=\"wp-block-column is-layout-flow wp-block-column-is-layout-flow\">\n<h1 class=\"wp-block-heading has-text-align-center has-yellow-color has-text-color has-link-color wp-elements-7cbec156ddb57b3055096c747994ead9\" style=\"font-size:35px\">31\/08<\/h1>\n\n\n\n<h1 class=\"wp-block-heading has-text-align-center has-yellow-color has-text-color has-link-color wp-elements-4747ea54277e928f92203cc096be7951\" style=\"font-size:35px\">LERMA<\/h1>\n\n\n\n<h1 class=\"wp-block-heading has-text-align-center has-yellow-color has-text-color has-link-color wp-elements-043bfcd1e0ad273b6b3f0ebb23eeb593\" style=\"font-size:35px\">(Burgos)<\/h1>\n\n\n\nngg_shortcode_9_placeholder\n\n\n\n<p class=\"has-yellow-color has-text-color has-link-color wp-elements-b95fdf62ad2356751ab0c7dcc5a85fe4\" style=\"font-size:75px\">Despedimos el mes en medio de una dana, que oblig\u00f3 a llevar a interior las actividades previstas en las fiestas de Lerma<\/p>\n<\/div>\n\n\n\n<div class=\"wp-block-column is-layout-flow wp-block-column-is-layout-flow\">\n<h1 class=\"wp-block-heading has-text-align-center has-yellow-color has-text-color has-link-color wp-elements-24212a8c41f7cb151c7a685c591a7dd2\" style=\"font-size:35px\">06\/09<\/h1>\n\n\n\n<h1 class=\"wp-block-heading has-text-align-center has-yellow-color has-text-color has-link-color wp-elements-a14f905b8bd7e31fa94dbd62ad568ccd\" style=\"font-size:35px\">LA CAMPA<\/h1>\n\n\n\n<h1 class=\"wp-block-heading has-text-align-center has-yellow-color has-text-color has-link-color wp-elements-2c5a46baedb7e515d2e007ffbbcfbee3\" style=\"font-size:35px\">(Urduliz)<\/h1>\n\n\n\nngg_shortcode_10_placeholder\n\n\n\n<p class=\"has-yellow-color has-text-color has-link-color wp-elements-2be1efab7982a6f863f48e751a3e442f\" style=\"font-size:75px\">para comenzar septiembre en Urduliz con condiciones \u00f3ptimas y un p\u00fablico entregado desde el principio<\/p>\n<\/div>\n<\/div>\n\n\n\n<div class=\"wp-block-columns is-layout-flex wp-container-core-columns-is-layout-9d6595d7 wp-block-columns-is-layout-flex\">\n<div class=\"wp-block-column is-layout-flow wp-block-column-is-layout-flow\">\n<h1 class=\"wp-block-heading has-text-align-center has-yellow-color has-text-color has-link-color wp-elements-f1edfbb37310093e767eabb345a99bee\" style=\"font-size:35px\">07\/09<\/h1>\n\n\n\n<h1 class=\"wp-block-heading has-text-align-center has-yellow-color has-text-color has-link-color wp-elements-69c4616af227e58c45f9f3b78abafe58\" style=\"font-size:35px\">EL BERRON<\/h1>\n\n\n\n<h1 class=\"wp-block-heading has-text-align-center has-yellow-color has-text-color has-link-color wp-elements-043bfcd1e0ad273b6b3f0ebb23eeb593\" style=\"font-size:35px\">(Burgos)<\/h1>\n\n\n\nngg_shortcode_11_placeholder\n\n\n\n<p class=\"has-yellow-color has-text-color has-link-color wp-elements-41f487802b5ac9e40e570b42ae37828b\" style=\"font-size:75px\">Repetimos plaza en esta segunda tanda de conciertos, despu\u00e9s de agosto  cerca de casa, en El Berr\u00f3n<\/p>\n<\/div>\n\n\n\n<div class=\"wp-block-column is-layout-flow wp-block-column-is-layout-flow\">\n<h1 class=\"wp-block-heading has-text-align-center has-yellow-color has-text-color has-link-color wp-elements-f680d8199ed9b0b4999627aeca53b7d1\" style=\"font-size:35px\">21\/09<\/h1>\n\n\n\n<h1 class=\"wp-block-heading has-text-align-center has-yellow-color has-text-color has-link-color wp-elements-a035950ba93986c90f546017d6cedc07\" style=\"font-size:35px\">RONTEGI<\/h1>\n\n\n\n<h1 class=\"wp-block-heading has-text-align-center has-yellow-color has-text-color has-link-color wp-elements-a0c2d1e50392a54db0d40c3595b6e1f2\" style=\"font-size:35px\">(Barakaldo)<\/h1>\n\n\n\nngg_shortcode_12_placeholder\n\n\n\n<p class=\"has-yellow-color has-text-color has-link-color wp-elements-fc27d346439dc58ef8bca4d50208de6d\" style=\"font-size:75px\">Ni el agua consigui\u00f3 callar el rock and roll. Todos a cubierto, pero bailando al son de los mejores cl\u00e1sicos.<\/p>\n<\/div>\n<\/div>\n\n\n\n<div class=\"wp-block-columns is-layout-flex wp-container-core-columns-is-layout-9d6595d7 wp-block-columns-is-layout-flex\">\n<div class=\"wp-block-column is-layout-flow wp-block-column-is-layout-flow\">\n<h1 class=\"wp-block-heading has-text-align-center has-yellow-color has-text-color has-link-color wp-elements-cf5e780aba4bc6cf8811f11688990bb0\" style=\"font-size:35px\">28\/09<\/h1>\n\n\n\n<h1 class=\"wp-block-heading has-text-align-center has-yellow-color has-text-color has-link-color wp-elements-a4b9d19ab64bdf5427326a0d1ba39b96\" style=\"font-size:35px\">ZALLA<\/h1>\n\n\n\n<h1 class=\"wp-block-heading has-text-align-center has-yellow-color has-text-color has-link-color wp-elements-5e21828736aae7f531395ecbcc3e5be4\" style=\"font-size:35px\">(THE BOYS ARE BACK)<\/h1>\n\n\n\nngg_shortcode_13_placeholder\n\n\n\n<p class=\"has-yellow-color has-text-color has-link-color wp-elements-f0b53a073c883e78aa00d2b284407b1b\" style=\"font-size:75px\">The Boys Are Back In Town, despu\u00e9s de 3 a\u00f1os, volvemos al pueblo que nos vio nacer, y que tantas noches lo ha dado todo en los conciertos<\/p>\n<\/div>\n\n\n\n<div class=\"wp-block-column is-layout-flow wp-block-column-is-layout-flow\">\n<h1 class=\"wp-block-heading has-text-align-center has-yellow-color has-text-color has-link-color wp-elements-290ab7912edfd8f3e369fe1996a5c3a5\" style=\"font-size:35px\">05\/10<\/h1>\n\n\n\n<h1 class=\"wp-block-heading has-text-align-center has-yellow-color has-text-color has-link-color wp-elements-4e51f0b8094048df34cf44a4870fd2db\" style=\"font-size:35px\">OROZKO<\/h1>\n\n\n\n<h1 class=\"wp-block-heading has-text-align-center has-yellow-color has-text-color has-link-color wp-elements-e16a708b5d2b7ae740ff7f4d61b59d7f\" style=\"font-size:35px\">(&#8217;69 VINTAGE)<\/h1>\n\n\n\nngg_shortcode_14_placeholder\n\n\n\n<p class=\"has-yellow-color has-text-color has-link-color wp-elements-f12f1157a0971f9e202c550e9c5d66e6\" style=\"font-size:75px\">5 a\u00f1os despu\u00e9s volvemos a estar de celebraci\u00f3n con la misma cuadrilla. Qu\u00e9 bien lo pasamos y qu\u00e9 buen rollo tienen todos, qu\u00e9 gozada!!<\/p>\n<\/div>\n<\/div>\n\n\n\n<div class=\"wp-block-columns is-layout-flex wp-container-core-columns-is-layout-9d6595d7 wp-block-columns-is-layout-flex\">\n<div class=\"wp-block-column is-layout-flow wp-block-column-is-layout-flow\">\n<h1 class=\"wp-block-heading has-text-align-center has-yellow-color has-text-color has-link-color wp-elements-5a1a6ddf5b189e295a1d9042f4b8435b\" style=\"font-size:35px\">18\/10<\/h1>\n\n\n\n<h1 class=\"wp-block-heading has-text-align-center has-yellow-color has-text-color has-link-color wp-elements-7d6ff12e091252834b60ece3ce60ea50\" style=\"font-size:35px\">\u00eahome &amp; El Comercio<\/h1>\n\n\n\n<h1 class=\"wp-block-heading has-text-align-center has-yellow-color has-text-color has-link-color wp-elements-f7929bc94c93be06c3e6057258809116\" style=\"font-size:35px\">(LAS ARENAS)<\/h1>\n\n\n\nngg_shortcode_15_placeholder\n\n\n\n<p class=\"has-yellow-color has-text-color has-link-color wp-elements-999d0bfb8ce4695ac549ab018238364f\" style=\"font-size:75px\">Volvemos este a\u00f1o a El Comercio de Las Arenas para compartir otra noche m\u00e1gica con nuestros amigos de \u00eahome<\/p>\n<\/div>\n\n\n\n<div class=\"wp-block-column is-layout-flow wp-block-column-is-layout-flow\">\n<h1 class=\"wp-block-heading has-text-align-center has-yellow-color has-text-color has-link-color wp-elements-798d6467f800223e814ff40b9251963b\" style=\"font-size:35px\">19\/10<\/h1>\n\n\n\n<h1 class=\"wp-block-heading has-text-align-center has-yellow-color has-text-color has-link-color wp-elements-19d1c8397a71cfa042a899a7d845f61e\" style=\"font-size:35px\">DESERTU (URBAN)<\/h1>\n\n\n\n<h1 class=\"wp-block-heading has-text-align-center has-yellow-color has-text-color has-link-color wp-elements-c4cbcc64e12e45c066d304d6226a38db\" style=\"font-size:35px\">(BARAKALDO)<\/h1>\n\n\n\nngg_shortcode_16_placeholder\n\n\n\n<p class=\"has-yellow-color has-text-color has-link-color wp-elements-b49e2ebe3f51a3af142d9f4eb9d2f91a\" style=\"font-size:75px\">Gran ambiente en el d\u00eda de Putxeras de Desertu, que se mantuvo hasta la noche, rockeando Barakaldo. Laster arte, urban!!<\/p>\n<\/div>\n<\/div>\n\n\n\n<div class=\"wp-block-columns is-layout-flex wp-container-core-columns-is-layout-9d6595d7 wp-block-columns-is-layout-flex\">\n<div class=\"wp-block-column is-layout-flow wp-block-column-is-layout-flow\">\n<h1 class=\"wp-block-heading has-text-align-center has-yellow-color has-text-color has-link-color wp-elements-3414ff64ea0d7b6cd473866601777921\" style=\"font-size:35px\">25\/10<\/h1>\n\n\n\n<h1 class=\"wp-block-heading has-text-align-center has-yellow-color has-text-color has-link-color wp-elements-d015ffaf763b8fd5d14d971f5627e11f\" style=\"font-size:35px\">ARANTZAZU<\/h1>\n\n\n\n<h1 class=\"wp-block-heading has-text-align-center has-yellow-color has-text-color has-link-color wp-elements-5ee35850d537a862de3f38a1934af813\" style=\"font-size:35px\">(BIZKAIA)<\/h1>\n\n\n\nngg_shortcode_17_placeholder\n\n\n\n<p class=\"has-yellow-color has-text-color has-link-color wp-elements-c831267081a94bb1b4a2774db3c91449\" style=\"font-size:75px\">Primeran pasa gendun Arantzazuko Herriko Tabernan. Gran acogida y muy buen ambiente.<\/p>\n<\/div>\n\n\n\n<div class=\"wp-block-column is-layout-flow wp-block-column-is-layout-flow\">\n<h1 class=\"wp-block-heading has-text-align-center has-yellow-color has-text-color has-link-color wp-elements-5b3c9b7c115c40a476f1803fbd8752f5\" style=\"font-size:35px\">26\/10<\/h1>\n\n\n\n<h1 class=\"wp-block-heading has-text-align-center has-yellow-color has-text-color has-link-color wp-elements-e742ad30ee0e9ffa3c4242426e20a97e\" style=\"font-size:35px\">SAN SEVERINO<\/h1>\n\n\n\n<h1 class=\"wp-block-heading has-text-align-center has-yellow-color has-text-color has-link-color wp-elements-2b884600031afa53fc487f33de95f20b\" style=\"font-size:35px\">(BALMASEDA)<\/h1>\n\n\n\nngg_shortcode_18_placeholder\n\n\n\n<p class=\"has-yellow-color has-text-color has-link-color wp-elements-199f290fee7fd38f4700df27eb3ed4e8\" style=\"font-size:75px\">Qu\u00e9 ganas ten\u00edamos de volver a Balma, desde el BalmaRock Solidario del &#8217;21, por la gente de La Palma.<\/p>\n<\/div>\n<\/div>\n\n\n\n<div class=\"wp-block-columns is-layout-flex wp-container-core-columns-is-layout-9d6595d7 wp-block-columns-is-layout-flex\">\n<div class=\"wp-block-column is-layout-flow wp-block-column-is-layout-flow\">\n<h1 class=\"wp-block-heading has-text-align-center has-yellow-color has-text-color has-link-color wp-elements-0856865e26d676f8bf6d7a47e6bf14af\" style=\"font-size:35px\">08\/11<\/h1>\n\n\n\n<h1 class=\"wp-block-heading has-text-align-center has-yellow-color has-text-color has-link-color wp-elements-270804e235f3ea8e92881ae5e81df0fd\" style=\"font-size:35px\">ZAMUDIO<\/h1>\n\n\n\n<h1 class=\"wp-block-heading has-text-align-center has-yellow-color has-text-color has-link-color wp-elements-2b676c9774fa6246a647e1b9ddbd0410\" style=\"font-size:35px\">(San Martines)<\/h1>\n\n\n\nngg_shortcode_19_placeholder\n\n\n\n<p class=\"has-yellow-color has-text-color has-link-color wp-elements-82f058e91c3d6418dcd15ab6fcf712eb\" style=\"font-size:75px\">Y cerramos la temporada de jaias en San Martines de Zamudio. La gozamos, pero con pena de que se acabara&#8230;<\/p>\n<\/div>\n\n\n\n<div class=\"wp-block-column is-layout-flow wp-block-column-is-layout-flow\">\n<h2 class=\"wp-block-heading has-text-align-center has-yellow-color has-text-color has-link-color wp-elements-62f2d298a5052368c950e98e5df68860\" style=\"font-size:35px\">09\/11<\/h2>\n\n\n\n<h1 class=\"wp-block-heading has-text-align-center has-yellow-color has-text-color has-link-color wp-elements-a3d7924c212da3bc55b295730cd0afdc\" style=\"font-size:35px\">BIZITZA<\/h1>\n\n\n\n<h1 class=\"wp-block-heading has-text-align-center has-yellow-color has-text-color has-link-color wp-elements-386ff1f817cef34caa838c040d525b33\" style=\"font-size:35px\">(Las Acacias &#8211; MUSKIZ)<\/h1>\n\n\n\nngg_shortcode_20_placeholder\n\n\n\n<p class=\"has-yellow-color has-text-color has-link-color wp-elements-b28c1f4778627f570882b2d040aa275c\" style=\"font-size:75px\">Y nos sumamos a la celebraci\u00f3n del primer aniversacio del Bizitza, en Las Acacias, Muskiz. Fiest\u00f3n, s\u00ed se\u00f1or&#8230;<\/p>\n<\/div>\n<\/div>\n\n\n\n<h1 class=\"wp-block-heading has-text-align-center has-yellow-color has-text-color has-link-color wp-elements-70eea046f52f019d2c80ee3d840a6557\" style=\"font-size:35px\">15\/12<\/h1>\n\n\n\n<h1 class=\"wp-block-heading has-text-align-center has-yellow-color has-text-color has-link-color wp-elements-5a1f3164ad1c8e8340d267e91c4551bf\" style=\"font-size:35px\">FESTIVAL SOLIDARIO<\/h1>\n\n\n\n<h1 class=\"wp-block-heading has-text-align-center has-yellow-color has-text-color has-link-color wp-elements-c4cbcc64e12e45c066d304d6226a38db\" style=\"font-size:35px\">(BARAKALDO)<\/h1>\n\n\n\nngg_shortcode_21_placeholder\n\n\n\n<p class=\"has-text-align-center has-yellow-color has-text-color has-link-color wp-elements-a7d49870e92bd7d6d2f2cd12bf445f01\" style=\"font-size:75px\">Y terminamos el a\u00f1o, aportando nuestro granito de arena, en un marat\u00f3n solidario junto con otras 25 bandas de Barakaldo  (de 12 a 21H), para la Uni\u00f3 Musical de Benet\u00fasser, afectados por la dana de Valencia.<\/p>\n","protected":false},"excerpt":{"rendered":"<p>Un a\u00f1o m\u00e1s salimos a darlo todo en los escenarios de Bizkaia, Araba, Gipuzkoa, Burgos y La Rioja, para haceros disfrutar del mejor rock cerquita de casa. 04\/05 MAEZTU (Araba) Y arrancamos la temporada en mayo por tierras alavesas. El d\u00eda 4 estuvimos en la <span class=\"read-more\"><a class=\"more-link btn btn-transparent\" href=\"https:\/\/oldglasses.es\/index.php\/conciertos\/2024-2\/\">Leer m\u00e1s&#8230;<\/a><\/span><\/p>\n","protected":false},"author":1,"featured_media":0,"parent":53,"menu_order":0,"comment_status":"closed","ping_status":"closed","template":"","meta":{"ngg_post_thumbnail":0,"footnotes":""},"class_list":["post-824","page","type-page","status-publish","hentry"],"yoast_head":"<!-- This site is optimized with the Yoast SEO plugin v27.4 - https:\/\/yoast.com\/product\/yoast-seo-wordpress\/ -->\n<title>2024 - OLD GLASSES<\/title>\n<meta name=\"robots\" content=\"index, follow, max-snippet:-1, max-image-preview:large, max-video-preview:-1\" \/>\n<link rel=\"canonical\" href=\"https:\/\/oldglasses.es\/index.php\/conciertos\/2024-2\/\" \/>\n<meta property=\"og:locale\" content=\"es_ES\" \/>\n<meta property=\"og:type\" content=\"article\" \/>\n<meta property=\"og:title\" content=\"2024 - OLD GLASSES\" \/>\n<meta property=\"og:description\" content=\"Un a\u00f1o m\u00e1s salimos a darlo todo en los escenarios de Bizkaia, Araba, Gipuzkoa, Burgos y La Rioja, para haceros disfrutar del mejor rock cerquita de casa. 04\/05 MAEZTU (Araba) Y arrancamos la temporada en mayo por tierras alavesas. El d\u00eda 4 estuvimos en la Leer m\u00e1s...\" \/>\n<meta property=\"og:url\" content=\"https:\/\/oldglasses.es\/index.php\/conciertos\/2024-2\/\" \/>\n<meta property=\"og:site_name\" content=\"OLD GLASSES\" \/>\n<meta property=\"article:publisher\" content=\"https:\/\/www.facebook.com\/OLDGLASSESZALLA\/\" \/>\n<meta property=\"article:modified_time\" content=\"2025-10-05T17:07:55+00:00\" \/>\n<meta property=\"og:image\" content=\"https:\/\/oldglasses.es\/wp-content\/uploads\/2024\/08\/LOGO-OLD-GLASSES-2021_fondo.jpg\" \/>\n\t<meta property=\"og:image:width\" content=\"729\" \/>\n\t<meta property=\"og:image:height\" content=\"666\" \/>\n\t<meta property=\"og:image:type\" content=\"image\/jpeg\" \/>\n<meta name=\"twitter:card\" content=\"summary_large_image\" \/>\n<meta name=\"twitter:site\" content=\"@oldglasses_\" \/>\n<meta name=\"twitter:label1\" content=\"Tiempo de lectura\" \/>\n\t<meta name=\"twitter:data1\" content=\"4 minutos\" \/>\n<script type=\"application\/ld+json\" class=\"yoast-schema-graph\">{\"@context\":\"https:\\\/\\\/schema.org\",\"@graph\":[{\"@type\":\"WebPage\",\"@id\":\"https:\\\/\\\/oldglasses.es\\\/index.php\\\/conciertos\\\/2024-2\\\/\",\"url\":\"https:\\\/\\\/oldglasses.es\\\/index.php\\\/conciertos\\\/2024-2\\\/\",\"name\":\"2024 - OLD GLASSES\",\"isPartOf\":{\"@id\":\"https:\\\/\\\/oldglasses.es\\\/#website\"},\"datePublished\":\"2024-05-15T13:31:22+00:00\",\"dateModified\":\"2025-10-05T17:07:55+00:00\",\"breadcrumb\":{\"@id\":\"https:\\\/\\\/oldglasses.es\\\/index.php\\\/conciertos\\\/2024-2\\\/#breadcrumb\"},\"inLanguage\":\"es\",\"potentialAction\":[{\"@type\":\"ReadAction\",\"target\":[\"https:\\\/\\\/oldglasses.es\\\/index.php\\\/conciertos\\\/2024-2\\\/\"]}]},{\"@type\":\"BreadcrumbList\",\"@id\":\"https:\\\/\\\/oldglasses.es\\\/index.php\\\/conciertos\\\/2024-2\\\/#breadcrumb\",\"itemListElement\":[{\"@type\":\"ListItem\",\"position\":1,\"name\":\"Portada\",\"item\":\"https:\\\/\\\/oldglasses.es\\\/\"},{\"@type\":\"ListItem\",\"position\":2,\"name\":\"CONCIERTOS\",\"item\":\"https:\\\/\\\/oldglasses.es\\\/index.php\\\/conciertos\\\/\"},{\"@type\":\"ListItem\",\"position\":3,\"name\":\"2024\"}]},{\"@type\":\"WebSite\",\"@id\":\"https:\\\/\\\/oldglasses.es\\\/#website\",\"url\":\"https:\\\/\\\/oldglasses.es\\\/\",\"name\":\"OLD GLASSES\",\"description\":\"Rock Rock Rock\",\"publisher\":{\"@id\":\"https:\\\/\\\/oldglasses.es\\\/#organization\"},\"potentialAction\":[{\"@type\":\"SearchAction\",\"target\":{\"@type\":\"EntryPoint\",\"urlTemplate\":\"https:\\\/\\\/oldglasses.es\\\/?s={search_term_string}\"},\"query-input\":{\"@type\":\"PropertyValueSpecification\",\"valueRequired\":true,\"valueName\":\"search_term_string\"}}],\"inLanguage\":\"es\"},{\"@type\":\"Organization\",\"@id\":\"https:\\\/\\\/oldglasses.es\\\/#organization\",\"name\":\"OLD GLASSES\",\"url\":\"https:\\\/\\\/oldglasses.es\\\/\",\"logo\":{\"@type\":\"ImageObject\",\"inLanguage\":\"es\",\"@id\":\"https:\\\/\\\/oldglasses.es\\\/#\\\/schema\\\/logo\\\/image\\\/\",\"url\":\"https:\\\/\\\/oldglasses.es\\\/wp-content\\\/uploads\\\/2024\\\/08\\\/LOGO-OLD-GLASSES-2021_fondo.jpg\",\"contentUrl\":\"https:\\\/\\\/oldglasses.es\\\/wp-content\\\/uploads\\\/2024\\\/08\\\/LOGO-OLD-GLASSES-2021_fondo.jpg\",\"width\":729,\"height\":666,\"caption\":\"OLD GLASSES\"},\"image\":{\"@id\":\"https:\\\/\\\/oldglasses.es\\\/#\\\/schema\\\/logo\\\/image\\\/\"},\"sameAs\":[\"https:\\\/\\\/www.facebook.com\\\/OLDGLASSESZALLA\\\/\",\"https:\\\/\\\/x.com\\\/oldglasses_\",\"https:\\\/\\\/www.instagram.com\\\/oldglasses_\\\/\",\"https:\\\/\\\/www.youtube.com\\\/@oldglasses1622\"]}]}<\/script>\n<!-- \/ Yoast SEO plugin. -->","yoast_head_json":{"title":"2024 - OLD GLASSES","robots":{"index":"index","follow":"follow","max-snippet":"max-snippet:-1","max-image-preview":"max-image-preview:large","max-video-preview":"max-video-preview:-1"},"canonical":"https:\/\/oldglasses.es\/index.php\/conciertos\/2024-2\/","og_locale":"es_ES","og_type":"article","og_title":"2024 - OLD GLASSES","og_description":"Un a\u00f1o m\u00e1s salimos a darlo todo en los escenarios de Bizkaia, Araba, Gipuzkoa, Burgos y La Rioja, para haceros disfrutar del mejor rock cerquita de casa. 04\/05 MAEZTU (Araba) Y arrancamos la temporada en mayo por tierras alavesas. El d\u00eda 4 estuvimos en la Leer m\u00e1s...","og_url":"https:\/\/oldglasses.es\/index.php\/conciertos\/2024-2\/","og_site_name":"OLD GLASSES","article_publisher":"https:\/\/www.facebook.com\/OLDGLASSESZALLA\/","article_modified_time":"2025-10-05T17:07:55+00:00","og_image":[{"width":729,"height":666,"url":"https:\/\/oldglasses.es\/wp-content\/uploads\/2024\/08\/LOGO-OLD-GLASSES-2021_fondo.jpg","type":"image\/jpeg"}],"twitter_card":"summary_large_image","twitter_site":"@oldglasses_","twitter_misc":{"Tiempo de lectura":"4 minutos"},"schema":{"@context":"https:\/\/schema.org","@graph":[{"@type":"WebPage","@id":"https:\/\/oldglasses.es\/index.php\/conciertos\/2024-2\/","url":"https:\/\/oldglasses.es\/index.php\/conciertos\/2024-2\/","name":"2024 - OLD GLASSES","isPartOf":{"@id":"https:\/\/oldglasses.es\/#website"},"datePublished":"2024-05-15T13:31:22+00:00","dateModified":"2025-10-05T17:07:55+00:00","breadcrumb":{"@id":"https:\/\/oldglasses.es\/index.php\/conciertos\/2024-2\/#breadcrumb"},"inLanguage":"es","potentialAction":[{"@type":"ReadAction","target":["https:\/\/oldglasses.es\/index.php\/conciertos\/2024-2\/"]}]},{"@type":"BreadcrumbList","@id":"https:\/\/oldglasses.es\/index.php\/conciertos\/2024-2\/#breadcrumb","itemListElement":[{"@type":"ListItem","position":1,"name":"Portada","item":"https:\/\/oldglasses.es\/"},{"@type":"ListItem","position":2,"name":"CONCIERTOS","item":"https:\/\/oldglasses.es\/index.php\/conciertos\/"},{"@type":"ListItem","position":3,"name":"2024"}]},{"@type":"WebSite","@id":"https:\/\/oldglasses.es\/#website","url":"https:\/\/oldglasses.es\/","name":"OLD GLASSES","description":"Rock Rock Rock","publisher":{"@id":"https:\/\/oldglasses.es\/#organization"},"potentialAction":[{"@type":"SearchAction","target":{"@type":"EntryPoint","urlTemplate":"https:\/\/oldglasses.es\/?s={search_term_string}"},"query-input":{"@type":"PropertyValueSpecification","valueRequired":true,"valueName":"search_term_string"}}],"inLanguage":"es"},{"@type":"Organization","@id":"https:\/\/oldglasses.es\/#organization","name":"OLD GLASSES","url":"https:\/\/oldglasses.es\/","logo":{"@type":"ImageObject","inLanguage":"es","@id":"https:\/\/oldglasses.es\/#\/schema\/logo\/image\/","url":"https:\/\/oldglasses.es\/wp-content\/uploads\/2024\/08\/LOGO-OLD-GLASSES-2021_fondo.jpg","contentUrl":"https:\/\/oldglasses.es\/wp-content\/uploads\/2024\/08\/LOGO-OLD-GLASSES-2021_fondo.jpg","width":729,"height":666,"caption":"OLD GLASSES"},"image":{"@id":"https:\/\/oldglasses.es\/#\/schema\/logo\/image\/"},"sameAs":["https:\/\/www.facebook.com\/OLDGLASSESZALLA\/","https:\/\/x.com\/oldglasses_","https:\/\/www.instagram.com\/oldglasses_\/","https:\/\/www.youtube.com\/@oldglasses1622"]}]}},"jetpack_sharing_enabled":true,"_links":{"self":[{"href":"https:\/\/oldglasses.es\/index.php\/wp-json\/wp\/v2\/pages\/824","targetHints":{"allow":["GET"]}}],"collection":[{"href":"https:\/\/oldglasses.es\/index.php\/wp-json\/wp\/v2\/pages"}],"about":[{"href":"https:\/\/oldglasses.es\/index.php\/wp-json\/wp\/v2\/types\/page"}],"author":[{"embeddable":true,"href":"https:\/\/oldglasses.es\/index.php\/wp-json\/wp\/v2\/users\/1"}],"replies":[{"embeddable":true,"href":"https:\/\/oldglasses.es\/index.php\/wp-json\/wp\/v2\/comments?post=824"}],"version-history":[{"count":79,"href":"https:\/\/oldglasses.es\/index.php\/wp-json\/wp\/v2\/pages\/824\/revisions"}],"predecessor-version":[{"id":1468,"href":"https:\/\/oldglasses.es\/index.php\/wp-json\/wp\/v2\/pages\/824\/revisions\/1468"}],"up":[{"embeddable":true,"href":"https:\/\/oldglasses.es\/index.php\/wp-json\/wp\/v2\/pages\/53"}],"wp:attachment":[{"href":"https:\/\/oldglasses.es\/index.php\/wp-json\/wp\/v2\/media?parent=824"}],"curies":[{"name":"wp","href":"https:\/\/api.w.org\/{rel}","templated":true}]}}